{"id":5645,"date":"2021-02-01T14:05:04","date_gmt":"2021-02-01T14:05:04","guid":{"rendered":"http:\/\/braunvie.cyon.link\/terminkalender\/"},"modified":"2021-05-04T11:11:32","modified_gmt":"2021-05-04T09:11:32","slug":"terminkalender","status":"publish","type":"page","link":"https:\/\/homepage.braunvieh.ch\/fr\/terminkalender\/","title":{"rendered":"Calendrier des manifestations"},"content":{"rendered":"<p>Les expositions nationales, cantonales et r\u00e9gionales ainsi que les ventes aux ench\u00e8res sont mentionn\u00e9es selon les dates et peuvent \u00eatre consult\u00e9es \u00e0 tout moment. Si cela est possible, le lien correspondant renvoie au site de la manifestation o\u00f9 vous trouverez toutes les informations d\u00e9taill\u00e9es de la manifestation. Le calendrier des manifestations est disponible seulement en langue allemande.<\/p>\n<p>&nbsp;<\/p>\n<p>&nbsp;<\/p>\n\n<table id=\"tablepress-1\" class=\"tablepress tablepress-id-1\">\n<thead>\n<tr class=\"row-1\">\n\t<th class=\"column-1\">Datum<\/th><th class=\"column-2\">Zeit<\/th><th class=\"column-3\">Veranstaltung<\/th><th class=\"column-4\">Ort<\/th>\n<\/tr>\n<\/thead>\n<tbody class=\"row-striping row-hover\">\n<tr class=\"row-2\">\n\t<td class=\"column-1\">Freitag, 01.05.2026<\/td><td class=\"column-2\"><\/td><td class=\"column-3\">Regionalviehschau Pian Castro<\/td><td class=\"column-4\">Pian Castro TI<\/td>\n<\/tr>\n<tr class=\"row-3\">\n\t<td class=\"column-1\">Samstag, 02.05.2026<\/td><td class=\"column-2\">11.00 bis 14.00<\/td><td class=\"column-3\"><a href=\"https:\/\/www.bvsz.ch\/auktionen-und-maerke\/nutz-zuchtviehauktion.html\" rel=\"noopener\" target=\"_blank\">Nutz- und Zuchtviehauktion<\/a><\/td><td class=\"column-4\">Markthalle, Rothenthurm<\/td>\n<\/tr>\n<tr class=\"row-4\">\n\t<td class=\"column-1\">Dienstag, 05.05.2026<\/td><td class=\"column-2\">20.00<\/td><td class=\"column-3\"><a href=\"https:\/\/www.vianco.ch\/auktionen\/\" rel=\"noopener\" target=\"_blank\">Auktion Milchvieh<\/a><\/td><td class=\"column-4\">Kradolf<\/td>\n<\/tr>\n<tr class=\"row-5\">\n\t<td class=\"column-1\">Freitag, 08.05.2026<\/td><td class=\"column-2\"><\/td><td class=\"column-3\"><a href=\"https:\/\/homepage.braunvieh.ch\/braunvieh-bi-dae-lueuet\/\" target=\"_blank\">Braunvieh bi d\u00e4 L\u00fc\u00fct<\/a><\/td><td class=\"column-4\">Betrieb Familie Telli, Trin<\/td>\n<\/tr>\n<tr class=\"row-6\">\n\t<td class=\"column-1\">Freitag, 08.05.2026<\/td><td class=\"column-2\">20.00<\/td><td class=\"column-3\"><a href=\"https:\/\/www.vianco.ch\/auktionen\/\" rel=\"noopener\" target=\"_blank\">Jungvieh Auktion<\/a><\/td><td class=\"column-4\">Brunegg<\/td>\n<\/tr>\n<tr class=\"row-7\">\n\t<td class=\"column-1\">Samstag, 16.05.2026<\/td><td class=\"column-2\">09.00<\/td><td class=\"column-3\">Bezirksviehschau Davos<\/td><td class=\"column-4\">Reithalle, Davos Frauenkirch<\/td>\n<\/tr>\n<tr class=\"row-8\">\n\t<td class=\"column-1\">Dienstag, 19.05.2026<\/td><td class=\"column-2\">20.00<\/td><td class=\"column-3\"><a href=\"https:\/\/www.vianco.ch\/auktionen\/\" rel=\"noopener\" target=\"_blank\">Auktion Milchvieh<\/a><\/td><td class=\"column-4\">Gunzwil<\/td>\n<\/tr>\n<tr class=\"row-9\">\n\t<td class=\"column-1\">Dienstag, 02.06.2026<\/td><td class=\"column-2\">20.00<\/td><td class=\"column-3\"><a href=\"https:\/\/www.vianco.ch\/auktionen\/\" rel=\"noopener\" target=\"_blank\">Auktion Milchvieh<\/a><\/td><td class=\"column-4\">Kradolf<\/td>\n<\/tr>\n<tr class=\"row-10\">\n\t<td class=\"column-1\">Dienstag, 09.06.2026<\/td><td class=\"column-2\">20.00<\/td><td class=\"column-3\"><a href=\"https:\/\/www.vianco.ch\/auktionen\/\" rel=\"noopener\" target=\"_blank\">Auktion Milchvieh<\/a><\/td><td class=\"column-4\">Brunegg<\/td>\n<\/tr>\n<tr class=\"row-11\">\n\t<td class=\"column-1\">Dienstag, 23.06.2026<\/td><td class=\"column-2\">20.00<\/td><td class=\"column-3\"><a href=\"https:\/\/www.vianco.ch\/auktionen\/\" rel=\"noopener\" target=\"_blank\">Auktion Milchvieh<\/a><\/td><td class=\"column-4\">Gunzwil<\/td>\n<\/tr>\n<tr class=\"row-12\">\n\t<td class=\"column-1\">Dienstag, 14.07.2026<\/td><td class=\"column-2\">20.00<\/td><td class=\"column-3\"><a href=\"https:\/\/www.vianco.ch\/auktionen\/\" rel=\"noopener\" target=\"_blank\">Auktion Milchvieh<\/a><\/td><td class=\"column-4\">Brunegg<\/td>\n<\/tr>\n<tr class=\"row-13\">\n\t<td class=\"column-1\">Sonntag, 02.08.2026<\/td><td class=\"column-2\"><\/td><td class=\"column-3\"><a href=\"https:\/\/homepage.braunvieh.ch\/braunvieh-bi-dae-lueuet\/\" target=\"_blank\">Braunvieh bi d\u00e4 L\u00fc\u00fct<\/a><\/td><td class=\"column-4\">Alp Frid, Ernen VS<\/td>\n<\/tr>\n<tr class=\"row-14\">\n\t<td class=\"column-1\">Dienstag, 04.08.2026<\/td><td class=\"column-2\">20.00<\/td><td class=\"column-3\"><a href=\"https:\/\/www.vianco.ch\/auktionen\/\" rel=\"noopener\" target=\"_blank\">Auktion Milchvieh<\/a><\/td><td class=\"column-4\">Brunegg<\/td>\n<\/tr>\n<tr class=\"row-15\">\n\t<td class=\"column-1\">Dienstag, 11.08.2026<\/td><td class=\"column-2\">20.00<\/td><td class=\"column-3\"><a href=\"https:\/\/www.vianco.ch\/auktionen\/\" rel=\"noopener\" target=\"_blank\">Auktion Milchvieh<\/a><\/td><td class=\"column-4\">Kradolf<\/td>\n<\/tr>\n<tr class=\"row-16\">\n\t<td class=\"column-1\">Samstag, 22.08.2026<\/td><td class=\"column-2\">11.00 bis 14.00<\/td><td class=\"column-3\"><a href=\"https:\/\/www.bvsz.ch\/auktionen-und-maerke\/nutz-zuchtviehauktion.html\" rel=\"noopener\" target=\"_blank\">Nutz- und Zuchtviehauktion<\/a><\/td><td class=\"column-4\">Markthalle, Rothenthurm<\/td>\n<\/tr>\n<tr class=\"row-17\">\n\t<td class=\"column-1\">Dienstag, 25.08.2026<\/td><td class=\"column-2\">20.00<\/td><td class=\"column-3\"><a href=\"https:\/\/www.vianco.ch\/auktionen\/\" rel=\"noopener\" target=\"_blank\">Auktion Milchvieh<\/a><\/td><td class=\"column-4\">Gunzwil<\/td>\n<\/tr>\n<tr class=\"row-18\">\n\t<td class=\"column-1\">Dienstag, 01.09.2026<\/td><td class=\"column-2\">20.00<\/td><td class=\"column-3\"><a href=\"https:\/\/www.vianco.ch\/auktionen\/\" rel=\"noopener\" target=\"_blank\">Auktion Milchvieh<\/a><\/td><td class=\"column-4\">Brunegg<\/td>\n<\/tr>\n<tr class=\"row-19\">\n\t<td class=\"column-1\">Freitag, 04.09.2026<\/td><td class=\"column-2\">10.00<\/td><td class=\"column-3\">Auktion Giswil<\/td><td class=\"column-4\">Aaried, Giswil<\/td>\n<\/tr>\n<tr class=\"row-20\">\n\t<td class=\"column-1\">Mittwoch - Donnerstag, 09. - 10.09.2026<\/td><td class=\"column-2\"><\/td><td class=\"column-3\"><a href=\"https:\/\/homepage.braunvieh.ch\/stierenmarkt-zug\/\" target=\"_blank\">Stierenmarkt Zug<\/a><\/td><td class=\"column-4\">Zug<\/td>\n<\/tr>\n<tr class=\"row-21\">\n\t<td class=\"column-1\">Freitag, 11.09.2026<\/td><td class=\"column-2\"><\/td><td class=\"column-3\">Alp- und Zuchtviehversteigerung Morschach<\/td><td class=\"column-4\">Morschach<\/td>\n<\/tr>\n<tr class=\"row-22\">\n\t<td class=\"column-1\">Dienstag, 22.09.2026<\/td><td class=\"column-2\">20.00<\/td><td class=\"column-3\"><a href=\"https:\/\/www.vianco.ch\/auktionen\/\" rel=\"noopener\" target=\"_blank\">Auktion Milchvieh<\/a><\/td><td class=\"column-4\">Gunzwil<\/td>\n<\/tr>\n<tr class=\"row-23\">\n\t<td class=\"column-1\">Mittwoch - Freitag, 23. - 25.09.2026<\/td><td class=\"column-2\"><\/td><td class=\"column-3\"><a href=\"https:\/\/www.brown-swiss.org\/\" target=\"_blank\">European Brown Swiss Conference 2026<\/a><\/td><td class=\"column-4\">Gij\u00f3n, Paseo Dr. Fleming, 481, Periurbano - Rural, 33203 Gij\u00f3n, Asturias, Spain<\/td>\n<\/tr>\n<tr class=\"row-24\">\n\t<td class=\"column-1\">Donnerstag, 24.09.2026<\/td><td class=\"column-2\"><\/td><td class=\"column-3\">Viehschau Muotathal<\/td><td class=\"column-4\">Muotathal<\/td>\n<\/tr>\n<tr class=\"row-25\">\n\t<td class=\"column-1\">Samstag, 26.09.2026<\/td><td class=\"column-2\"><\/td><td class=\"column-3\">Viehschau Herrliberg (alle Rassen)<\/td><td class=\"column-4\">Kirche, Wetzwil<\/td>\n<\/tr>\n<tr class=\"row-26\">\n\t<td class=\"column-1\">Samstag, 26.09.2026<\/td><td class=\"column-2\"><\/td><td class=\"column-3\">Viehschau Schwarzenberg mit OB-Abteilungen<\/td><td class=\"column-4\">R\u00f6ssliplatz, Schwarzenberg<\/td>\n<\/tr>\n<tr class=\"row-27\">\n\t<td class=\"column-1\">Dienstag, 29.09.2026<\/td><td class=\"column-2\">20.00<\/td><td class=\"column-3\"><a href=\"https:\/\/www.vianco.ch\/auktionen\/\" rel=\"noopener\" target=\"_blank\">Auktion Milchvieh<\/a><\/td><td class=\"column-4\">Kradolf<\/td>\n<\/tr>\n<tr class=\"row-28\">\n\t<td class=\"column-1\">Mittwoch, 30.09.2026<\/td><td class=\"column-2\"><\/td><td class=\"column-3\">Kleinviehausstellung Uri<\/td><td class=\"column-4\">B\u00e4renmatt, Schattdorf<\/td>\n<\/tr>\n<tr class=\"row-29\">\n\t<td class=\"column-1\">Samstag, 03.10.2026<\/td><td class=\"column-2\"><\/td><td class=\"column-3\">Kantonale Grossviehschau Uri<\/td><td class=\"column-4\">B\u00e4renmatt, Schattdorf<\/td>\n<\/tr>\n<tr class=\"row-30\">\n\t<td class=\"column-1\">Samstag, 03.10.2026<\/td><td class=\"column-2\"><\/td><td class=\"column-3\">Regionalschau IG West<\/td><td class=\"column-4\">Sigriswil BE<\/td>\n<\/tr>\n<tr class=\"row-31\">\n\t<td class=\"column-1\">Dienstag, 06.10.2026<\/td><td class=\"column-2\">20.00<\/td><td class=\"column-3\"><a href=\"https:\/\/www.vianco.ch\/auktionen\/\" rel=\"noopener\" target=\"_blank\">Auktion Milchvieh<\/a><\/td><td class=\"column-4\">Brunegg<\/td>\n<\/tr>\n<tr class=\"row-32\">\n\t<td class=\"column-1\">Mittwoch, 07.10.2026<\/td><td class=\"column-2\"><\/td><td class=\"column-3\">17. Braunvieh Regioschau Willisau<\/td><td class=\"column-4\">Festhalle, Willisau<\/td>\n<\/tr>\n<tr class=\"row-33\">\n\t<td class=\"column-1\">Donnerstag - Dienstag, 08. - 13.10.2026<\/td><td class=\"column-2\"><\/td><td class=\"column-3\"><a href=\"https:\/\/homepage.braunvieh.ch\/zuechterreise\/\" target=\"_blank\">Z\u00fcchterreise Braunvieh Schweiz nach Frankreich<\/a><\/td><td class=\"column-4\">Frankreich<\/td>\n<\/tr>\n<tr class=\"row-34\">\n\t<td class=\"column-1\">Donnerstag - Sonntag, 08. - 18.10.2026<\/td><td class=\"column-2\"><\/td><td class=\"column-3\"><a href=\"https:\/\/www.olma-messen.ch\/de\/willkommen\" target=\"_blank\">OLMA<\/a><\/td><td class=\"column-4\">St. Gallen<\/td>\n<\/tr>\n<tr class=\"row-35\">\n\t<td class=\"column-1\">Freitag, 09.10.2026<\/td><td class=\"column-2\"><\/td><td class=\"column-3\">Kantonale Viehschau Obwalden<\/td><td class=\"column-4\">Reithalle Sarnen<\/td>\n<\/tr>\n<tr class=\"row-36\">\n\t<td class=\"column-1\">Samstag, 10.10.2026<\/td><td class=\"column-2\"><\/td><td class=\"column-3\">Kantonale Grossviehschau Nidwalden<\/td><td class=\"column-4\">Wil, Oberdorf<\/td>\n<\/tr>\n<tr class=\"row-37\">\n\t<td class=\"column-1\">Samstag, 10.10.2026<\/td><td class=\"column-2\"><\/td><td class=\"column-3\">Viehschau Hildisrieden<\/td><td class=\"column-4\">Obermoos, Hildisrieden<\/td>\n<\/tr>\n<tr class=\"row-38\">\n\t<td class=\"column-1\">Sonntag, 11.10.2026<\/td><td class=\"column-2\"><\/td><td class=\"column-3\"><a href=\"https:\/\/www.olma-messen.ch\/de\/willkommen\" target=\"_blank\">OLMA BL\u00fcem- und Gurtschau<\/a><\/td><td class=\"column-4\">St. Gallen <\/td>\n<\/tr>\n<tr class=\"row-39\">\n\t<td class=\"column-1\">Freitag, 16.10.2026<\/td><td class=\"column-2\"><\/td><td class=\"column-3\"><a href=\"https:\/\/www.olma-messen.ch\/de\/willkommen\" target=\"_blank\">OLMA Eliteschau<\/a><\/td><td class=\"column-4\">St. Gallen<\/td>\n<\/tr>\n<tr class=\"row-40\">\n\t<td class=\"column-1\">Freitag, 16.10.2026<\/td><td class=\"column-2\"><\/td><td class=\"column-3\">Viehschau Engelberg<\/td><td class=\"column-4\"><\/td>\n<\/tr>\n<tr class=\"row-41\">\n\t<td class=\"column-1\">Samstag, 17.10.2026<\/td><td class=\"column-2\"><\/td><td class=\"column-3\">Gemeindeviehschau Lungern<\/td><td class=\"column-4\">Lungern<\/td>\n<\/tr>\n<tr class=\"row-42\">\n\t<td class=\"column-1\">Dienstag, 20.10.2026<\/td><td class=\"column-2\">20.00<\/td><td class=\"column-3\"><a href=\"https:\/\/www.vianco.ch\/auktionen\/\" rel=\"noopener\" target=\"_blank\">Auktion Milchvieh<\/a><\/td><td class=\"column-4\">Gunzwil<\/td>\n<\/tr>\n<tr class=\"row-43\">\n\t<td class=\"column-1\">Mittwoch, 21.10.2026<\/td><td class=\"column-2\"><\/td><td class=\"column-3\">Herbstviehschau BVZG Sch\u00f6tz u. Umgebung<\/td><td class=\"column-4\">Alter Schulhausplatz, Sch\u00f6tz<\/td>\n<\/tr>\n<tr class=\"row-44\">\n\t<td class=\"column-1\">Samstag, 24.10.2026<\/td><td class=\"column-2\"><\/td><td class=\"column-3\"><a href=\"https:\/\/www.juniorarcexpo.ch\/\" target=\"_blank\">Junior Arc Expo 2026<\/a><\/td><td class=\"column-4\">Halle du March\u00e9-Concours, Saignel\u00e9gier<\/td>\n<\/tr>\n<tr class=\"row-45\">\n\t<td class=\"column-1\">Samstag, 31.10.2026<\/td><td class=\"column-2\"><\/td><td class=\"column-3\"><a href=\"https:\/\/nordwestschweizer-jungz\u00fcchter.ch\/junexba\/\" target=\"_blank\">10. JunExBa<\/a><\/td><td class=\"column-4\">M\u00fcmliswil<\/td>\n<\/tr>\n<tr class=\"row-46\">\n\t<td class=\"column-1\">Dienstag, 03.11.2026<\/td><td class=\"column-2\">20.00<\/td><td class=\"column-3\"><a href=\"https:\/\/www.vianco.ch\/auktionen\/\" rel=\"noopener\" target=\"_blank\">Auktion Milchvieh<\/a><\/td><td class=\"column-4\">Brunegg<\/td>\n<\/tr>\n<tr class=\"row-47\">\n\t<td class=\"column-1\">Samstag, 07.11.2026<\/td><td class=\"column-2\">11.00 bis 14.00<\/td><td class=\"column-3\"><a href=\"https:\/\/www.bvsz.ch\/auktionen-und-maerke\/nutz-zuchtviehauktion.html\" rel=\"noopener\" target=\"_blank\">Nutz- und Zuchtviehauktion<\/a><\/td><td class=\"column-4\">Markthalle, Rothenthurm<\/td>\n<\/tr>\n<tr class=\"row-48\">\n\t<td class=\"column-1\">Dienstag, 10.11.2026<\/td><td class=\"column-2\">20.00<\/td><td class=\"column-3\"><a href=\"https:\/\/www.vianco.ch\/auktionen\/\" rel=\"noopener\" target=\"_blank\">Auktion Milchvieh<\/a><\/td><td class=\"column-4\">Kradolf<\/td>\n<\/tr>\n<tr class=\"row-49\">\n\t<td class=\"column-1\">Samstag, 14.11.2026<\/td><td class=\"column-2\"><\/td><td class=\"column-3\"><a href=\"https:\/\/gpvonsargans.ch\/\" target=\"_blank\">24. GP von Sargans<\/a><\/td><td class=\"column-4\">Markthalle Sargans<\/td>\n<\/tr>\n<tr class=\"row-50\">\n\t<td class=\"column-1\">Samstag, 14.11.2026<\/td><td class=\"column-2\"><\/td><td class=\"column-3\"><a href=\"https:\/\/www.aargauerjungzuechter.ch\/\" target=\"_blank\">Junior Expo Aargau<\/a><\/td><td class=\"column-4\">Brunegg<\/td>\n<\/tr>\n<tr class=\"row-51\">\n\t<td class=\"column-1\">Samstag, 21.11.2026<\/td><td class=\"column-2\"><\/td><td class=\"column-3\"><a href=\"https:\/\/www.swissclassic2024.ch\/\" target=\"_blank\">Swiss Classic 2026<\/a><\/td><td class=\"column-4\">Brunegg<\/td>\n<\/tr>\n<tr class=\"row-52\">\n\t<td class=\"column-1\">Dienstag, 24.11.2026<\/td><td class=\"column-2\">20.00<\/td><td class=\"column-3\"><a href=\"https:\/\/www.vianco.ch\/auktionen\/\" rel=\"noopener\" target=\"_blank\">Auktion Milchvieh<\/a><\/td><td class=\"column-4\">Gunzwil<\/td>\n<\/tr>\n<tr class=\"row-53\">\n\t<td class=\"column-1\">Samstag, 28.11.2026<\/td><td class=\"column-2\">12.00<\/td><td class=\"column-3\"><a href=\"https:\/\/www.vianco.ch\/auktionen\/\" rel=\"noopener\" target=\"_blank\">Auktion Original Braunvieh<\/a><\/td><td class=\"column-4\">Gunzwil<\/td>\n<\/tr>\n<tr class=\"row-54\">\n\t<td class=\"column-1\">Samstag, 28.11.2026<\/td><td class=\"column-2\"><\/td><td class=\"column-3\">F\u00fcrstenlandcup<\/td><td class=\"column-4\">Markthalle Wattwil<\/td>\n<\/tr>\n<tr class=\"row-55\">\n\t<td class=\"column-1\">Dienstag, 01.12.2026<\/td><td class=\"column-2\">20.00<\/td><td class=\"column-3\"><a href=\"https:\/\/www.vianco.ch\/auktionen\/\" rel=\"noopener\" target=\"_blank\">Auktion Milchvieh<\/a><\/td><td class=\"column-4\">Brunegg<\/td>\n<\/tr>\n<tr class=\"row-56\">\n\t<td class=\"column-1\">Samstag, 05.12.2026<\/td><td class=\"column-2\"><\/td><td class=\"column-3\"><a href=\"https:\/\/homepage.braunvieh.ch\/winterzuchtstierenmarkt-sargans\/\" target=\"_blank\">Winter-Zuchtstierenmarkt<\/a><\/td><td class=\"column-4\">Sargans<\/td>\n<\/tr>\n<tr class=\"row-57\">\n\t<td class=\"column-1\">Samstag, 12.12.2026<\/td><td class=\"column-2\"><\/td><td class=\"column-3\">Kuhakrobatik<\/td><td class=\"column-4\">Cazis<\/td>\n<\/tr>\n<tr class=\"row-58\">\n\t<td class=\"column-1\">Dienstag, 15.12.2026<\/td><td class=\"column-2\">20.00<\/td><td class=\"column-3\"><a href=\"https:\/\/www.vianco.ch\/auktionen\/\" rel=\"noopener\" target=\"_blank\">Auktion Milchvieh<\/a><\/td><td class=\"column-4\">Kradolf<\/td>\n<\/tr>\n<tr class=\"row-59\">\n\t<td class=\"column-1\">Samstag, 19.12.2026<\/td><td class=\"column-2\"><\/td><td class=\"column-3\">11. Schwyzer Junior Show<\/td><td class=\"column-4\">Markthalle, Rothenthurm<\/td>\n<\/tr>\n<tr class=\"row-60\">\n\t<td class=\"column-1\">Samstag, 28.12.2026<\/td><td class=\"column-2\">11.00 bis 14.00<\/td><td class=\"column-3\"><a href=\"https:\/\/www.bvsz.ch\/auktionen-und-maerke\/nutz-zuchtviehauktion.html\" rel=\"noopener\" target=\"_blank\">Nutz- und Zuchtviehauktion<\/a><\/td><td class=\"column-4\">Markthalle, Rothenthurm<\/td>\n<\/tr>\n<tr class=\"row-61\">\n\t<td class=\"column-1\">Samstag, 06.03.2027<\/td><td class=\"column-2\"><\/td><td class=\"column-3\">B\u00fcndner Braunviehtag<\/td><td class=\"column-4\">Cazis<\/td>\n<\/tr>\n<tr class=\"row-62\">\n\t<td class=\"column-1\">Freitag, 12.03.2027<\/td><td class=\"column-2\"><\/td><td class=\"column-3\"><a href=\"https:\/\/www.braunvieh-sg.ch\/viehschauen\/zuechtergruppe-sg\/\" target=\"_blank\">Spitzen-Braunvieh Show ZG St. Gallen<\/a><\/td><td class=\"column-4\">Markthalle Sargans<\/td>\n<\/tr>\n<tr class=\"row-63\">\n\t<td class=\"column-1\">Sonntag, 14.03.2027<\/td><td class=\"column-2\"><\/td><td class=\"column-3\">Giubiespo<\/td><td class=\"column-4\">S. Antonino TI<\/td>\n<\/tr>\n<tr class=\"row-64\">\n\t<td class=\"column-1\">Samstag, 27.03.2027<\/td><td class=\"column-2\"><\/td><td class=\"column-3\">Rinder- und Erstmelkschau See und Gaster<\/td><td class=\"column-4\">Rietsporthalle Benken<\/td>\n<\/tr>\n<tr class=\"row-65\">\n\t<td class=\"column-1\">Samstag - Sonntag, 03. - 04.04.2027<\/td><td class=\"column-2\"><\/td><td class=\"column-3\"><a href=\"https:\/\/www.brownswiss-masters.ch\/startseite\/\" target=\"_blank\">Brown Swiss Masters<\/a><\/td><td class=\"column-4\">Cazis<\/td>\n<\/tr>\n<tr class=\"row-66\">\n\t<td class=\"column-1\">Mittwoch, 07.04.2027<\/td><td class=\"column-2\"><\/td><td class=\"column-3\"><a href=\"https:\/\/homepage.braunvieh.ch\/delegiertenversammlung\/\" target=\"_blank\">Delegiertenversammlung Braunvieh Schweiz<\/a><\/td><td class=\"column-4\">Waldmannhalle, Baar<\/td>\n<\/tr>\n<tr class=\"row-67\">\n\t<td class=\"column-1\">Samstag, 10.04.2027<\/td><td class=\"column-2\"><\/td><td class=\"column-3\"><a href=\"https:\/\/pizolopen.ch\/\" target=\"_blank\">Pizol Open 2027<\/a><\/td><td class=\"column-4\">Viehschauplatz Wangs<\/td>\n<\/tr>\n<tr class=\"row-68\">\n\t<td class=\"column-1\">Samstag, 10.04.2027<\/td><td class=\"column-2\"><\/td><td class=\"column-3\">Jubil\u00e4umsschau 130 Jahre VZV Steinen<\/td><td class=\"column-4\">Au, Steinen<\/td>\n<\/tr>\n<tr class=\"row-69\">\n\t<td class=\"column-1\">Samstag, 10.04.2027<\/td><td class=\"column-2\"><\/td><td class=\"column-3\">Jubil\u00e4umsviehschau 75 Jahre BVZV Erlen<\/td><td class=\"column-4\">Erlen<\/td>\n<\/tr>\n<tr class=\"row-70\">\n\t<td class=\"column-1\">Samstag, 17.04.2027<\/td><td class=\"column-2\"><\/td><td class=\"column-3\">100 Jahre BVZV Muolen mit regionalem Betriebscup<\/td><td class=\"column-4\"><\/td>\n<\/tr>\n<tr class=\"row-71\">\n\t<td class=\"column-1\">Samstag, 17.04.2027<\/td><td class=\"column-2\"><\/td><td class=\"column-3\">Regionalschau Zimmerberg - S\u00e4uliamt<\/td><td class=\"column-4\"><\/td>\n<\/tr>\n<tr class=\"row-72\">\n\t<td class=\"column-1\">Samstag, 24.04.2027<\/td><td class=\"column-2\"><\/td><td class=\"column-3\">100 Jahre VZV Biberegg<\/td><td class=\"column-4\">Markthalle, Rothenthurm<\/td>\n<\/tr>\n<tr class=\"row-73\">\n\t<td class=\"column-1\">Samstag, 18.09.2027<\/td><td class=\"column-2\"><\/td><td class=\"column-3\">HORBA 2027<\/td><td class=\"column-4\">Beinwil (Freiamt)<\/td>\n<\/tr>\n<tr class=\"row-74\">\n\t<td class=\"column-1\">Samstag, 13.11.2027<\/td><td class=\"column-2\"><\/td><td class=\"column-3\"><a href=\"https:\/\/gpvonsargans.ch\/\" target=\"_blank\">25. GP von Sargans<\/a><\/td><td class=\"column-4\">Markthalle Sargans<\/td>\n<\/tr>\n<tr class=\"row-75\">\n\t<td class=\"column-1\">Freitag - Samstag, 26. - 27.11.2027<\/td><td class=\"column-2\"><\/td><td class=\"column-3\">Regionalschau F\u00fcrstenland<\/td><td class=\"column-4\">Markthalle Wattwil<\/td>\n<\/tr>\n<tr class=\"row-76\">\n\t<td class=\"column-1\">Donnerstag - Sonntag, 16. - 19.03.2028<\/td><td class=\"column-2\"><\/td><td class=\"column-3\">Weltkongress \/ Europaschau \/ BRUNA 2028<\/td><td class=\"column-4\">Messe Luzern, Allmend<\/td>\n<\/tr>\n<tr class=\"row-77\">\n\t<td class=\"column-1\">Samstag, 25.03.2028<\/td><td class=\"column-2\"><\/td><td class=\"column-3\">Jubil\u00e4umsviehschau 120 Jahre BVZV Morschach<\/td><td class=\"column-4\">Morschach<\/td>\n<\/tr>\n<tr class=\"row-78\">\n\t<td class=\"column-1\">Samstag, 22.04.2028<\/td><td class=\"column-2\"><\/td><td class=\"column-3\">7. Neckertaler Braunviehausstellung<\/td><td class=\"column-4\">Oberhelfenschwil<\/td>\n<\/tr>\n<tr class=\"row-79\">\n\t<td class=\"column-1\">Samstag, 29.04.2028<\/td><td class=\"column-2\"><\/td><td class=\"column-3\">Jubil\u00e4umsviehschau 125 Jahre VZV Illgau<\/td><td class=\"column-4\">Illgau<\/td>\n<\/tr>\n<\/tbody>\n<\/table>\n\n","protected":false},"excerpt":{"rendered":"<p>Les expositions nationales, cantonales et r\u00e9gionales ainsi que les ventes aux ench\u00e8res sont mentionn\u00e9es selon les dates et peuvent \u00eatre consult\u00e9es \u00e0 tout moment. Si cela est possible, le lien [&hellip;]<\/p>\n","protected":false},"author":1,"featured_media":0,"parent":0,"menu_order":0,"comment_status":"closed","ping_status":"closed","template":"","meta":{"_acf_changed":false,"footnotes":""},"class_list":["post-5645","page","type-page","status-publish","hentry"],"acf":[],"yoast_head":"<!-- This site is optimized with the Yoast SEO plugin v27.4 - https:\/\/yoast.com\/product\/yoast-seo-wordpress\/ -->\n<title>Calendrier des manifestations | Braunvieh<\/title>\n<meta name=\"robots\" content=\"index, follow, max-snippet:-1, max-image-preview:large, max-video-preview:-1\" \/>\n<link rel=\"canonical\" href=\"https:\/\/homepage.braunvieh.ch\/fr\/terminkalender\/\" \/>\n<meta property=\"og:locale\" content=\"fr_FR\" \/>\n<meta property=\"og:type\" content=\"article\" \/>\n<meta property=\"og:title\" content=\"Calendrier des manifestations | Braunvieh\" \/>\n<meta property=\"og:description\" content=\"Les expositions nationales, cantonales et r\u00e9gionales ainsi que les ventes aux ench\u00e8res sont mentionn\u00e9es selon les dates et peuvent \u00eatre consult\u00e9es \u00e0 tout moment. Si cela est possible, le lien [&hellip;]\" \/>\n<meta property=\"og:url\" content=\"https:\/\/homepage.braunvieh.ch\/fr\/terminkalender\/\" \/>\n<meta property=\"og:site_name\" content=\"Braunvieh\" \/>\n<meta property=\"article:modified_time\" content=\"2021-05-04T09:11:32+00:00\" \/>\n<meta name=\"twitter:card\" content=\"summary_large_image\" \/>\n<meta name=\"twitter:label1\" content=\"Dur\u00e9e de lecture estim\u00e9e\" \/>\n\t<meta name=\"twitter:data1\" content=\"1 minute\" \/>\n<script type=\"application\/ld+json\" class=\"yoast-schema-graph\">{\"@context\":\"https:\\\/\\\/schema.org\",\"@graph\":[{\"@type\":\"WebPage\",\"@id\":\"https:\\\/\\\/homepage.braunvieh.ch\\\/fr\\\/terminkalender\\\/\",\"url\":\"https:\\\/\\\/homepage.braunvieh.ch\\\/fr\\\/terminkalender\\\/\",\"name\":\"Calendrier des manifestations | Braunvieh\",\"isPartOf\":{\"@id\":\"https:\\\/\\\/homepage.braunvieh.ch\\\/en\\\/#website\"},\"datePublished\":\"2021-02-01T14:05:04+00:00\",\"dateModified\":\"2021-05-04T09:11:32+00:00\",\"breadcrumb\":{\"@id\":\"https:\\\/\\\/homepage.braunvieh.ch\\\/fr\\\/terminkalender\\\/#breadcrumb\"},\"inLanguage\":\"fr-FR\",\"potentialAction\":[{\"@type\":\"ReadAction\",\"target\":[\"https:\\\/\\\/homepage.braunvieh.ch\\\/fr\\\/terminkalender\\\/\"]}]},{\"@type\":\"BreadcrumbList\",\"@id\":\"https:\\\/\\\/homepage.braunvieh.ch\\\/fr\\\/terminkalender\\\/#breadcrumb\",\"itemListElement\":[{\"@type\":\"ListItem\",\"position\":1,\"name\":\"Home\",\"item\":\"https:\\\/\\\/homepage.braunvieh.ch\\\/fr\\\/\"},{\"@type\":\"ListItem\",\"position\":2,\"name\":\"Calendrier des manifestations\"}]},{\"@type\":\"WebSite\",\"@id\":\"https:\\\/\\\/homepage.braunvieh.ch\\\/en\\\/#website\",\"url\":\"https:\\\/\\\/homepage.braunvieh.ch\\\/en\\\/\",\"name\":\"Braunvieh\",\"description\":\"Alles \u00fcber Braunvieh und die Braunviehzucht. Sowie den Braunviehzuchtverband als modernes Dienstleistungsunternehmen.\",\"potentialAction\":[{\"@type\":\"SearchAction\",\"target\":{\"@type\":\"EntryPoint\",\"urlTemplate\":\"https:\\\/\\\/homepage.braunvieh.ch\\\/en\\\/?s={search_term_string}\"},\"query-input\":{\"@type\":\"PropertyValueSpecification\",\"valueRequired\":true,\"valueName\":\"search_term_string\"}}],\"inLanguage\":\"fr-FR\"}]}<\/script>\n<!-- \/ Yoast SEO plugin. -->","yoast_head_json":{"title":"Calendrier des manifestations | Braunvieh","robots":{"index":"index","follow":"follow","max-snippet":"max-snippet:-1","max-image-preview":"max-image-preview:large","max-video-preview":"max-video-preview:-1"},"canonical":"https:\/\/homepage.braunvieh.ch\/fr\/terminkalender\/","og_locale":"fr_FR","og_type":"article","og_title":"Calendrier des manifestations | Braunvieh","og_description":"Les expositions nationales, cantonales et r\u00e9gionales ainsi que les ventes aux ench\u00e8res sont mentionn\u00e9es selon les dates et peuvent \u00eatre consult\u00e9es \u00e0 tout moment. Si cela est possible, le lien [&hellip;]","og_url":"https:\/\/homepage.braunvieh.ch\/fr\/terminkalender\/","og_site_name":"Braunvieh","article_modified_time":"2021-05-04T09:11:32+00:00","twitter_card":"summary_large_image","twitter_misc":{"Dur\u00e9e de lecture estim\u00e9e":"1 minute"},"schema":{"@context":"https:\/\/schema.org","@graph":[{"@type":"WebPage","@id":"https:\/\/homepage.braunvieh.ch\/fr\/terminkalender\/","url":"https:\/\/homepage.braunvieh.ch\/fr\/terminkalender\/","name":"Calendrier des manifestations | Braunvieh","isPartOf":{"@id":"https:\/\/homepage.braunvieh.ch\/en\/#website"},"datePublished":"2021-02-01T14:05:04+00:00","dateModified":"2021-05-04T09:11:32+00:00","breadcrumb":{"@id":"https:\/\/homepage.braunvieh.ch\/fr\/terminkalender\/#breadcrumb"},"inLanguage":"fr-FR","potentialAction":[{"@type":"ReadAction","target":["https:\/\/homepage.braunvieh.ch\/fr\/terminkalender\/"]}]},{"@type":"BreadcrumbList","@id":"https:\/\/homepage.braunvieh.ch\/fr\/terminkalender\/#breadcrumb","itemListElement":[{"@type":"ListItem","position":1,"name":"Home","item":"https:\/\/homepage.braunvieh.ch\/fr\/"},{"@type":"ListItem","position":2,"name":"Calendrier des manifestations"}]},{"@type":"WebSite","@id":"https:\/\/homepage.braunvieh.ch\/en\/#website","url":"https:\/\/homepage.braunvieh.ch\/en\/","name":"Braunvieh","description":"Alles \u00fcber Braunvieh und die Braunviehzucht. Sowie den Braunviehzuchtverband als modernes Dienstleistungsunternehmen.","potentialAction":[{"@type":"SearchAction","target":{"@type":"EntryPoint","urlTemplate":"https:\/\/homepage.braunvieh.ch\/en\/?s={search_term_string}"},"query-input":{"@type":"PropertyValueSpecification","valueRequired":true,"valueName":"search_term_string"}}],"inLanguage":"fr-FR"}]}},"publishpress_future_workflow_manual_trigger":{"enabledWorkflows":[]},"_links":{"self":[{"href":"https:\/\/homepage.braunvieh.ch\/fr\/wp-json\/wp\/v2\/pages\/5645","targetHints":{"allow":["GET"]}}],"collection":[{"href":"https:\/\/homepage.braunvieh.ch\/fr\/wp-json\/wp\/v2\/pages"}],"about":[{"href":"https:\/\/homepage.braunvieh.ch\/fr\/wp-json\/wp\/v2\/types\/page"}],"author":[{"embeddable":true,"href":"https:\/\/homepage.braunvieh.ch\/fr\/wp-json\/wp\/v2\/users\/1"}],"replies":[{"embeddable":true,"href":"https:\/\/homepage.braunvieh.ch\/fr\/wp-json\/wp\/v2\/comments?post=5645"}],"version-history":[{"count":2,"href":"https:\/\/homepage.braunvieh.ch\/fr\/wp-json\/wp\/v2\/pages\/5645\/revisions"}],"predecessor-version":[{"id":6552,"href":"https:\/\/homepage.braunvieh.ch\/fr\/wp-json\/wp\/v2\/pages\/5645\/revisions\/6552"}],"wp:attachment":[{"href":"https:\/\/homepage.braunvieh.ch\/fr\/wp-json\/wp\/v2\/media?parent=5645"}],"curies":[{"name":"wp","href":"https:\/\/api.w.org\/{rel}","templated":true}]}}